{"id":3,"date":"2020-02-07T10:32:47","date_gmt":"2020-07-07T15:32:57","guid":{"rendered":"http:\/\/www.itinerarte.eu\/?page_id=3"},"modified":"2020-07-16T11:50:03","modified_gmt":"2020-07-16T09:50:03","slug":"privacy-policy","status":"publish","type":"page","link":"https:\/\/www.itinerarte.eu\/en\/privacy-policy\/","title":{"rendered":"Privacy &#038; Cookie Policy"},"content":{"rendered":"<p class=\"wp-block-paragraph\">Privacy &amp; Cookie Policy di\u00a0<strong>ItinerartE<\/strong><\/p>\n\n\n\n<p class=\"wp-block-paragraph\">Questo Sito Web raccoglie alcuni Dati\nPersonali dei propri Utenti.<\/p>\n\n\n\n<p class=\"wp-block-paragraph\">Questo documento pu\u00f2 essere stampato\nutilizzando il comando di stampa presente nelle impostazioni di qualsiasi\nbrowser.<\/p>\n\n\n\n<p class=\"wp-block-paragraph\"><strong>Titolare\ndel Trattamento dei Dati<\/strong><\/p>\n\n\n\n<p class=\"wp-block-paragraph\">ItinerartE di Lucia Mulo \u2013 Via Giovanni Rocco, 80026 Casoria (NA)<\/p>\n\n\n\n<p class=\"wp-block-paragraph\"><strong>Indirizzo email del Titolare:<\/strong>\u00a0 info@itinerarte.eu<\/p>\n\n\n\n<p class=\"wp-block-paragraph\"><strong>Tipologie\ndi Dati raccolti<\/strong><\/p>\n\n\n\n<p class=\"wp-block-paragraph\">Fra i Dati Personali raccolti da questo\nSito Web, in modo autonomo o tramite terze parti, ci sono: Cookie; Dati di\nutilizzo; email; nome; cognome; numero di telefono.<\/p>\n\n\n\n<p class=\"wp-block-paragraph\">Dettagli completi su ciascuna tipologia\ndi dati raccolti sono forniti nelle sezioni dedicate di questa privacy policy o\nmediante specifici testi informativi visualizzati prima della raccolta dei dati\nstessi.<br>\nI Dati Personali possono essere liberamente forniti dall&#8217;Utente o, nel caso di\nDati di Utilizzo, raccolti automaticamente durante l&#8217;uso di questo Sito Web.<br>\nSe non diversamente specificato, tutti i Dati richiesti da questo Sito Web sono\nobbligatori. Se l\u2019Utente rifiuta di comunicarli, potrebbe essere impossibile\nper questo Sito Web fornire il Servizio. Nei casi in cui questo Sito Web\nindichi alcuni Dati come facoltativi, gli Utenti sono liberi di astenersi dal\ncomunicare tali Dati, senza che ci\u00f2 abbia alcuna conseguenza sulla\ndisponibilit\u00e0 del Servizio o sulla sua operativit\u00e0.<br>\nGli Utenti che dovessero avere dubbi su quali Dati siano obbligatori, sono\nincoraggiati a contattare il Titolare.<br>\nL\u2019eventuale utilizzo di Cookie &#8211; o di altri strumenti di tracciamento &#8211; da\nparte di questo Sito Web o dei titolari dei servizi terzi utilizzati da questo\nSito Web, ove non diversamente precisato, ha la finalit\u00e0 di fornire il Servizio\nrichiesto dall&#8217;Utente, oltre alle ulteriori finalit\u00e0 descritte nel presente\ndocumento e nella Cookie Policy, se disponibile.<\/p>\n\n\n\n<p class=\"wp-block-paragraph\">L&#8217;Utente si assume la responsabilit\u00e0 dei\nDati Personali di terzi ottenuti, pubblicati o condivisi mediante questo Sito\nWeb e garantisce di avere il diritto di comunicarli o diffonderli, liberando il\nTitolare da qualsiasi responsabilit\u00e0 verso terzi.<\/p>\n\n\n\n<p class=\"wp-block-paragraph\"><strong>Modalit\u00e0\ne luogo del trattamento dei Dati raccolti<\/strong><\/p>\n\n\n\n<p class=\"wp-block-paragraph\"><strong>Modalit\u00e0\ndi trattamento<\/strong><\/p>\n\n\n\n<p class=\"wp-block-paragraph\">Il Titolare adotta le opportune misure\ndi sicurezza volte ad impedire l\u2019accesso, la divulgazione, la modifica o la\ndistruzione non autorizzate dei Dati Personali.<br>\nIl trattamento viene effettuato mediante strumenti informatici e\/o telematici,\ncon modalit\u00e0 organizzative e con logiche strettamente correlate alle finalit\u00e0\nindicate. Oltre al Titolare, in alcuni casi, potrebbero avere accesso ai Dati\naltri soggetti coinvolti nell\u2019organizzazione di questo Sito Web (personale\namministrativo, commerciale, marketing, legali, amministratori di sistema)\novvero soggetti esterni (come fornitori di servizi tecnici terzi, corrieri\npostali, hosting provider, societ\u00e0 informatiche, agenzie di comunicazione)\nnominati anche, se necessario, Responsabili del Trattamento da parte del\nTitolare. L\u2019elenco aggiornato dei Responsabili potr\u00e0 sempre essere richiesto al\nTitolare del Trattamento.<\/p>\n\n\n\n<p class=\"wp-block-paragraph\"><strong>Base\ngiuridica del trattamento<\/strong><\/p>\n\n\n\n<p class=\"wp-block-paragraph\">Il Titolare tratta Dati Personali\nrelativi all\u2019Utente in caso sussista una delle seguenti condizioni:<\/p>\n\n\n\n<ul class=\"wp-block-list\"><li>l\u2019Utente ha prestato il consenso per una\no pi\u00f9 finalit\u00e0 specifiche; Nota: in alcuni ordinamenti il Titolare pu\u00f2 essere\nautorizzato a trattare Dati Personali senza che debba sussistere il consenso\ndell\u2019Utente o un\u2019altra delle basi giuridiche specificate di seguito, fino a\nquando l\u2019Utente non si opponga (\u201copt-out\u201d) a tale trattamento. Ci\u00f2 non \u00e8\ntuttavia applicabile qualora il trattamento di Dati Personali sia regolato\ndalla legislazione europea in materia di protezione dei Dati Personali;<\/li><li>il trattamento \u00e8 necessario\nall&#8217;esecuzione di un contratto con l\u2019Utente e\/o all&#8217;esecuzione di misure\nprecontrattuali;<\/li><li>il trattamento \u00e8 necessario per\nadempiere un obbligo legale al quale \u00e8 soggetto il Titolare;<\/li><li>il trattamento \u00e8 necessario per\nl&#8217;esecuzione di un compito di interesse pubblico o per l&#8217;esercizio di pubblici\npoteri di cui \u00e8 investito il Titolare;<\/li><li>il trattamento \u00e8 necessario per il\nperseguimento del legittimo interesse del Titolare o di terzi.<\/li><\/ul>\n\n\n\n<p class=\"wp-block-paragraph\">\u00c8 comunque sempre possibile richiedere\nal Titolare di chiarire la concreta base giuridica di ciascun trattamento ed in\nparticolare di specificare se il trattamento sia basato sulla legge, previsto\nda un contratto o necessario per concludere un contratto.<\/p>\n\n\n\n<p class=\"wp-block-paragraph\"><strong>Luogo<\/strong><\/p>\n\n\n\n<p class=\"wp-block-paragraph\">I Dati sono trattati presso le sedi\noperative del Titolare ed in ogni altro luogo in cui le parti coinvolte nel\ntrattamento siano localizzate. Per ulteriori informazioni, contatta il\nTitolare.<br>\nI Dati Personali dell\u2019Utente potrebbero essere trasferiti in un paese diverso\nda quello in cui l\u2019Utente si trova. Per ottenere ulteriori informazioni sul\nluogo del trattamento l\u2019Utente pu\u00f2 fare riferimento alla sezione relativa ai\ndettagli sul trattamento dei Dati Personali.<\/p>\n\n\n\n<p class=\"wp-block-paragraph\">L\u2019Utente ha diritto a ottenere\ninformazioni in merito alla base giuridica del trasferimento di Dati al di\nfuori dell\u2019Unione Europea o ad un\u2019organizzazione internazionale di diritto\ninternazionale pubblico o costituita da due o pi\u00f9 paesi, come ad esempio l\u2019ONU,\nnonch\u00e9 in merito alle misure di sicurezza adottate dal Titolare per proteggere\ni Dati.<br>\n<br>\nL\u2019Utente pu\u00f2 verificare se abbia luogo uno dei trasferimenti appena descritti\nesaminando la sezione di questo documento relativa ai dettagli sul trattamento\ndi Dati Personali o chiedere informazioni al Titolare contattandolo agli\nestremi riportati in apertura.<\/p>\n\n\n\n<p class=\"wp-block-paragraph\"><strong>Periodo\ndi conservazione<\/strong><\/p>\n\n\n\n<p class=\"wp-block-paragraph\">I Dati sono trattati e conservati per il\ntempo richiesto dalle finalit\u00e0 per le quali sono stati raccolti.<\/p>\n\n\n\n<p class=\"wp-block-paragraph\">Pertanto:<\/p>\n\n\n\n<ul class=\"wp-block-list\"><li>I Dati Personali raccolti per scopi\ncollegati all\u2019esecuzione di un contratto tra il Titolare e l\u2019Utente saranno\ntrattenuti sino a quando sia completata l\u2019esecuzione di tale contratto.<\/li><li>I Dati Personali raccolti per finalit\u00e0\nriconducibili all\u2019interesse legittimo del Titolare saranno trattenuti sino al\nsoddisfacimento di tale interesse. L\u2019Utente pu\u00f2 ottenere ulteriori informazioni\nin merito all\u2019interesse legittimo perseguito dal Titolare nelle relative\nsezioni di questo documento o contattando il Titolare.<\/li><\/ul>\n\n\n\n<p class=\"wp-block-paragraph\">Quando il trattamento \u00e8 basato sul\nconsenso dell\u2019Utente, il Titolare pu\u00f2 conservare i Dati Personali pi\u00f9 a lungo\nsino a quando detto consenso non venga revocato. Inoltre, il Titolare potrebbe\nessere obbligato a conservare i Dati Personali per un periodo pi\u00f9 lungo in\nottemperanza ad un obbligo di legge o per ordine di un\u2019autorit\u00e0.<br>\n<br>\nAl termine del periodo di conservazione i Dati Personali saranno cancellati.\nPertanto, allo spirare di tale termine il diritto di accesso, cancellazione,\nrettificazione ed il diritto alla portabilit\u00e0 dei Dati non potranno pi\u00f9 essere\nesercitati.<\/p>\n\n\n\n<p class=\"wp-block-paragraph\"><strong>Finalit\u00e0\ndel Trattamento dei Dati raccolti<\/strong><\/p>\n\n\n\n<p class=\"wp-block-paragraph\">I Dati dell\u2019Utente sono raccolti per\nconsentire al Titolare di fornire il Servizio, adempiere agli obblighi di\nlegge, rispondere a richieste o azioni esecutive, tutelare i propri diritti ed\ninteressi (o quelli di Utenti o di terze parti), individuare eventuali attivit\u00e0\ndolose o fraudolente, nonch\u00e9 per le seguenti finalit\u00e0: Statistica,\nVisualizzazione di contenuti da piattaforme esterne, Contattare l&#8217;Utente,\nInterazione con social network e piattaforme esterne, Servizi di piattaforma e\nhosting, Registrazione ed autenticazione e Remarketing e behavioral targeting.<\/p>\n\n\n\n<p class=\"wp-block-paragraph\">Per ottenere informazioni dettagliate\nsulle finalit\u00e0 del trattamento e sui Dati Personali trattati per ciascuna\nfinalit\u00e0, l\u2019Utente pu\u00f2 fare riferimento alla sezione \u201cDettagli sul trattamento\ndei Dati Personali\u201d.<\/p>\n\n\n\n<p class=\"wp-block-paragraph\"><strong>Dettagli\nsul trattamento dei Dati Personali<\/strong><\/p>\n\n\n\n<p class=\"wp-block-paragraph\">I Dati Personali sono raccolti per le\nseguenti finalit\u00e0 ed utilizzando i seguenti servizi:<\/p>\n\n\n\n<ul class=\"wp-block-list\"><li><strong>Contattare l&#8217;Utente<\/strong><\/li><\/ul>\n\n\n\n<p class=\"wp-block-paragraph\"><strong>Mailing\nlist o newsletter (questo Sito Web)<\/strong><\/p>\n\n\n\n<p class=\"wp-block-paragraph\">Con la registrazione alla mailing list o\nalla newsletter, l\u2019indirizzo email dell\u2019Utente viene automaticamente inserito\nin una lista di contatti a cui potranno essere trasmessi messaggi email\ncontenenti informazioni, anche di natura commerciale e promozionale, relative a\nquesto Sito Web. L&#8217;indirizzo email dell&#8217;Utente potrebbe anche essere aggiunto a\nquesta lista come risultato della registrazione a questo Sito Web o dopo aver\neffettuato un acquisto.<\/p>\n\n\n\n<p class=\"wp-block-paragraph\">Dati Personali trattati: email; nome.<\/p>\n\n\n\n<p class=\"wp-block-paragraph\"><strong>Modulo di\ncontatto (questo Sito Web)<\/strong><\/p>\n\n\n\n<p class=\"wp-block-paragraph\">L\u2019Utente, compilando con i propri Dati\nil modulo di contatto, acconsente al loro utilizzo per rispondere alle\nrichieste di informazioni, di preventivo, o di qualunque altra natura indicata\ndall\u2019intestazione del modulo.<\/p>\n\n\n\n<p class=\"wp-block-paragraph\">Dati Personali trattati: cognome; email; nome; numero di telefono.<\/p>\n\n\n\n<ul class=\"wp-block-list\"><li><strong>Interazione con social network\ne piattaforme esterne<\/strong><\/li><\/ul>\n\n\n\n<p class=\"wp-block-paragraph\">Questo tipo di servizi permette di\neffettuare interazioni con i social network, o con altre piattaforme esterne,\ndirettamente dalle pagine di questo Sito Web.<br>\nLe interazioni e le informazioni acquisite da questo Sito Web sono in ogni caso\nsoggette alle impostazioni privacy dell\u2019Utente relative ad ogni social network.<br>\nQuesto tipo di servizio potrebbe comunque raccogliere dati sul traffico per le\npagine dove il servizio \u00e8 installato, anche quando gli Utenti non lo\nutilizzano.<br>\nSi raccomanda di disconnettersi dai rispettivi servizi per assicurarsi che i\ndati elaborati su questo Sito Web non vengano ricollegati al profilo\ndell&#8217;Utente.<\/p>\n\n\n\n<p class=\"wp-block-paragraph\"><strong>Pulsante\ne widget sociali di Linkedin (LinkedIn Corporation)<\/strong><\/p>\n\n\n\n<p class=\"wp-block-paragraph\">Il pulsante e i widget sociali di\nLinkedIn sono servizi di interazione con il social network Linkedin, forniti da\nLinkedIn Corporation.<\/p>\n\n\n\n<p class=\"wp-block-paragraph\">Dati Personali trattati: Cookie; Dati di\nutilizzo.<\/p>\n\n\n\n<p class=\"wp-block-paragraph\">Luogo del trattamento: Stati Uniti\n\u2013&nbsp;<a href=\"https:\/\/www.linkedin.com\/legal\/privacy-policy\" target=\"_blank\" rel=\"noreferrer noopener\">Privacy Policy<\/a>. Soggetto aderente al Privacy Shield.<\/p>\n\n\n\n<p class=\"wp-block-paragraph\"><strong>Pulsante\nMi Piace e widget sociali di Facebook (Facebook Ireland Ltd)<\/strong><\/p>\n\n\n\n<p class=\"wp-block-paragraph\">Il pulsante \u201cMi Piace\u201d e i widget\nsociali di Facebook sono servizi di interazione con il social network Facebook,\nforniti da Facebook Ireland Ltd<\/p>\n\n\n\n<p class=\"wp-block-paragraph\">Dati Personali trattati: Cookie; Dati di\nutilizzo.<\/p>\n\n\n\n<p class=\"wp-block-paragraph\">Luogo del trattamento: Irlanda \u2013&nbsp;<a href=\"https:\/\/www.facebook.com\/about\/privacy\/\" target=\"_blank\" rel=\"noreferrer noopener\">Privacy Policy<\/a>. Soggetto aderente al Privacy Shield.<\/p>\n\n\n\n<ul class=\"wp-block-list\"><li><strong>Registrazione ed\nautenticazione<\/strong><\/li><\/ul>\n\n\n\n<p class=\"wp-block-paragraph\">Con la registrazione o l\u2019autenticazione\nl\u2019Utente consente a questo Sito Web di identificarlo e di dargli accesso a\nservizi dedicati.<br>\nA seconda di quanto indicato di seguito, i servizi di registrazione e di\nautenticazione potrebbero essere forniti con l\u2019ausilio di terze parti. Qualora\nquesto avvenga, questo Sito Web potr\u00e0 accedere ad alcuni Dati conservati dal\nservizio terzo usato per la registrazione o l\u2019identificazione.<br>\nAlcuni dei servizi di seguito indicati potrebbero raccogliere Dati Personali\nanche per fini di targeting e profilazione; per saperne di pi\u00f9, si prega di\nfare riferimento alla descrizione di ciascun servizio.<\/p>\n\n\n\n<p class=\"wp-block-paragraph\"><strong>WordPress.com\nSingle Sign On (Automattic Inc.)<\/strong><\/p>\n\n\n\n<p class=\"wp-block-paragraph\">WordPress.com Single Sign On \u00e8 un\nservizio di registrazione ed autenticazione fornito da Automattic Inc. e\ncollegato al network WordPress.com.<\/p>\n\n\n\n<p class=\"wp-block-paragraph\">Dati Personali trattati: varie tipologie\ndi Dati secondo quanto specificato dalla privacy policy del servizio.<\/p>\n\n\n\n<p class=\"wp-block-paragraph\">Luogo del trattamento: Stati Uniti \u2013&nbsp;<a href=\"https:\/\/automattic.com\/privacy\/\" target=\"_blank\" rel=\"noreferrer noopener\">Privacy\nPolicy<\/a>.<\/p>\n\n\n\n<ul class=\"wp-block-list\"><li><strong>Remarketing e behavioral\ntargeting<\/strong><\/li><\/ul>\n\n\n\n<p class=\"wp-block-paragraph\">Questo tipo di servizi consente a questo\nSito Web ed ai suoi partner di comunicare, ottimizzare e servire annunci\npubblicitari basati sull&#8217;utilizzo passato di questo Sito Web da parte\ndell&#8217;Utente.<br>\nQuesta attivit\u00e0 \u00e8 facilitata dal tracciamento dei Dati di Utilizzo e\ndall&#8217;utilizzo di Cookies e altri Identificatori per raccogliere informazioni\nche vengono poi trasferite ai partner che gestiscono le attivit\u00e0 di remarketing\ne di behaviooral targeting.<br>\nAlcuni servizi offrono un&#8217;opzione di remarketing basata sulle liste di\nindirizzi email.<br>\nIn aggiunta alle funzionalit\u00e0 di opt-out offerte dai servizi di seguito\nriportati, l&#8217;Utente pu\u00f2 effettuare l\u2019opt-out visitando la&nbsp;<a href=\"http:\/\/optout.networkadvertising.org\/\" target=\"_blank\" rel=\"noreferrer noopener\">pagina di opt-out della Network Advertising Initiative<\/a>.<\/p>\n\n\n\n<p class=\"wp-block-paragraph\"><strong>Gli Utenti possono anche scegliere di non\npartecipare a determinate funzionalit\u00e0 pubblicitarie attraverso le\ncorrispondenti opzioni di configurazione del dispositivo, come le opzioni di\nconfigurazione pubblicitaria del dispositivo mobile o la configurazione\npubblicitaria generica<\/strong>.<\/p>\n\n\n\n<p class=\"wp-block-paragraph\"><strong>Facebook\nRemarketing (Facebook Ireland Ltd)<\/strong><\/p>\n\n\n\n<p class=\"wp-block-paragraph\">Facebook Remarketing \u00e8 un servizio di\nremarketing e behavioral targeting fornito da Facebook Ireland Ltd che collega\nl&#8217;attivit\u00e0 di questo Sito Web con il network di advertising Facebook.<\/p>\n\n\n\n<p class=\"wp-block-paragraph\">Dati Personali trattati: Cookie; Dati di\nutilizzo.<\/p>\n\n\n\n<p class=\"wp-block-paragraph\">Luogo del trattamento: Irlanda \u2013&nbsp;<a href=\"https:\/\/www.facebook.com\/about\/privacy\/\" target=\"_blank\" rel=\"noreferrer noopener\">Privacy Policy<\/a>&nbsp;\u2013&nbsp;<a href=\"https:\/\/www.aboutads.info\/choices\/\" target=\"_blank\" rel=\"noreferrer noopener\">Opt Out<\/a>. Soggetto aderente al Privacy Shield.<\/p>\n\n\n\n<p class=\"wp-block-paragraph\"><strong>Remarketing\ncon Google Analytics (Google Ireland Limited)<\/strong><\/p>\n\n\n\n<p class=\"wp-block-paragraph\">Remarketing con Google Analytics \u00e8 un\nservizio di remarketing e behavioral targeting fornito da Google Ireland\nLimited che collega l&#8217;attivit\u00e0 di tracciamento effettuata da Google Analytics e\ndai suoi Cookie con il network di advertising Google Ads ed il Cookie\nDoubleclick.<\/p>\n\n\n\n<p class=\"wp-block-paragraph\">Dati Personali trattati: Cookie; Dati di\nutilizzo.<\/p>\n\n\n\n<p class=\"wp-block-paragraph\">Luogo del trattamento: Irlanda \u2013&nbsp;<a href=\"https:\/\/policies.google.com\/privacy\" target=\"_blank\" rel=\"noreferrer noopener\">Privacy Policy<\/a>&nbsp;\u2013&nbsp;<a href=\"https:\/\/adssettings.google.com\/authenticated#display_optout\" target=\"_blank\" rel=\"noreferrer noopener\">Opt Out<\/a><a href=\"https:\/\/adssettings.google.com\/authenticated#display_optout\" target=\"_blank\" rel=\"noreferrer noopener\">Opt Out<\/a>. Soggetto\naderente al Privacy Shield.<\/p>\n\n\n\n<ul class=\"wp-block-list\"><li><strong>Servizi di piattaforma e\nhosting<\/strong><\/li><\/ul>\n\n\n\n<p class=\"wp-block-paragraph\">Questi servizi hanno lo scopo di\nospitare e far funzionare componenti chiave di questo Sito Web, rendendo\npossibile l\u2019erogazione di questo Sito Web da un\u2019unica piattaforma. Queste\npiattaforme forniscono al Titolare un&#8217;ampia gamma di strumenti quali, ad esempio,\nstrumenti analitici, per la gestione della registrazione degli utenti, per la\ngestione dei commenti e del database, per il commercio elettronico, per\nl\u2019elaborazione dei pagamenti etc. L\u2019uso di tali strumenti comporta la raccolta\ne il trattamento di Dati Personali.<br>\nAlcuni di questi servizi funzionano attraverso server dislocati geograficamente\nin luoghi differenti, rendendo difficile la determinazione del luogo esatto in\ncui vengono conservati i Dati Personali.<\/p>\n\n\n\n<p class=\"wp-block-paragraph\"><strong>WordPress.com\n(Automattic Inc.)<\/strong><\/p>\n\n\n\n<p class=\"wp-block-paragraph\">WordPress.com \u00e8 una piattaforma fornita\nda Automattic Inc. che consente al Titolare di sviluppare, far funzionare ed\nospitare questo Sito Web.<\/p>\n\n\n\n<p class=\"wp-block-paragraph\">Dati Personali trattati: varie tipologie\ndi Dati secondo quanto specificato dalla privacy policy del servizio.<\/p>\n\n\n\n<p class=\"wp-block-paragraph\">Luogo del trattamento: Stati Uniti \u2013&nbsp;<a href=\"https:\/\/automattic.com\/privacy\/\" target=\"_blank\" rel=\"noreferrer noopener\">Privacy\nPolicy<\/a>.<\/p>\n\n\n\n<ul class=\"wp-block-list\"><li><strong>Statistica<\/strong><\/li><\/ul>\n\n\n\n<p class=\"wp-block-paragraph\">I servizi contenuti nella presente\nsezione permettono al Titolare del Trattamento di monitorare e analizzare i\ndati di traffico e servono a tener traccia del comportamento dell\u2019Utente.<\/p>\n\n\n\n<p class=\"wp-block-paragraph\"><strong>Google\nAnalytics (Google Ireland Limited)<\/strong><\/p>\n\n\n\n<p class=\"wp-block-paragraph\">Google Analytics \u00e8 un servizio di\nanalisi web fornito da Google Ireland Limited (\u201cGoogle\u201d). Google utilizza i\nDati Personali raccolti allo scopo di tracciare ed esaminare l\u2019utilizzo di\nquesto Sito Web, compilare report e condividerli con gli altri servizi\nsviluppati da Google.<br>\nGoogle potrebbe utilizzare i Dati Personali per contestualizzare e\npersonalizzare gli annunci del proprio network pubblicitario.<\/p>\n\n\n\n<p class=\"wp-block-paragraph\">Dati Personali trattati: Cookie; Dati di\nutilizzo.<\/p>\n\n\n\n<p class=\"wp-block-paragraph\">Luogo del trattamento: Irlanda \u2013&nbsp;<a href=\"https:\/\/policies.google.com\/privacy\" target=\"_blank\" rel=\"noreferrer noopener\">Privacy Policy<\/a>&nbsp;\u2013&nbsp;<a href=\"https:\/\/tools.google.com\/dlpage\/gaoptout?hl=en\" target=\"_blank\" rel=\"noreferrer noopener\">Opt Out<\/a>. Soggetto aderente al Privacy Shield.<\/p>\n\n\n\n<p class=\"wp-block-paragraph\"><strong>Google\nAnalytics con IP anonimizzato (Google Ireland Limited)<\/strong><\/p>\n\n\n\n<p class=\"wp-block-paragraph\">Google Analytics \u00e8 un servizio di\nanalisi web fornito da Google Ireland Limited (\u201cGoogle\u201d). Google utilizza i\nDati Personali raccolti allo scopo di tracciare ed esaminare l\u2019utilizzo di\nquesto Sito Web, compilare report e condividerli con gli altri servizi\nsviluppati da Google.<br>\nGoogle potrebbe utilizzare i Dati Personali per contestualizzare e\npersonalizzare gli annunci del proprio network pubblicitario.<br>\nQuesta integrazione di Google Analytics rende anonimo il tuo indirizzo IP.\nL&#8217;anonimizzazione funziona abbreviando entro i confini degli stati membri\ndell&#8217;Unione Europea o in altri Paesi aderenti all&#8217;accordo sullo Spazio\nEconomico Europeo l&#8217;indirizzo IP degli Utenti. Solo in casi eccezionali,\nl&#8217;indirizzo IP sar\u00e0 inviato ai server di Google ed abbreviato all&#8217;interno degli\nStati Uniti.<\/p>\n\n\n\n<p class=\"wp-block-paragraph\">Dati Personali trattati: Cookie; Dati di\nutilizzo.<\/p>\n\n\n\n<p class=\"wp-block-paragraph\">Luogo del trattamento: Irlanda \u2013&nbsp;<a href=\"https:\/\/policies.google.com\/privacy\" target=\"_blank\" rel=\"noreferrer noopener\">Privacy Policy<\/a>&nbsp;\u2013&nbsp;<a href=\"https:\/\/tools.google.com\/dlpage\/gaoptout?hl=en\" target=\"_blank\" rel=\"noreferrer noopener\">Opt Out<\/a>. Soggetto aderente al Privacy Shield.<\/p>\n\n\n\n<p class=\"wp-block-paragraph\"><strong>WordPress\nStat (Automattic Inc.)<\/strong><\/p>\n\n\n\n<p class=\"wp-block-paragraph\">WordPress Stats \u00e8 un servizio di\nstatistica fornito da Automattic Inc.<\/p>\n\n\n\n<p class=\"wp-block-paragraph\">Dati Personali trattati: Cookie; Dati di\nutilizzo.<\/p>\n\n\n\n<p class=\"wp-block-paragraph\">Luogo del trattamento: Stati Uniti \u2013&nbsp;<a href=\"https:\/\/automattic.com\/privacy\/\" target=\"_blank\" rel=\"noreferrer noopener\">Privacy\nPolicy<\/a>.<\/p>\n\n\n\n<ul class=\"wp-block-list\"><li><strong>Visualizzazione di contenuti\nda piattaforme esterne<\/strong><\/li><\/ul>\n\n\n\n<p class=\"wp-block-paragraph\">Questo tipo di servizi permette di\nvisualizzare contenuti ospitati su piattaforme esterne direttamente dalle\npagine di questo Sito Web e di interagire con essi.<br>\nQuesto tipo di servizio potrebbe comunque raccogliere dati sul traffico web\nrelativo alle pagine dove il servizio \u00e8 installato, anche quando gli utenti non\nlo utilizzano.<\/p>\n\n\n\n<p class=\"wp-block-paragraph\"><strong>Google\nFonts (Google Ireland Limited)<\/strong><\/p>\n\n\n\n<p class=\"wp-block-paragraph\">Google Fonts \u00e8 un servizio di\nvisualizzazione di stili di carattere gestito da Google Ireland Limited che\npermette a questo Sito Web di integrare tali contenuti all\u2019interno delle\nproprie pagine.<\/p>\n\n\n\n<p class=\"wp-block-paragraph\">Dati Personali trattati: Dati di\nutilizzo; varie tipologie di Dati secondo quanto specificato dalla privacy\npolicy del servizio.<\/p>\n\n\n\n<p class=\"wp-block-paragraph\">Luogo del trattamento: Irlanda \u2013&nbsp;<a href=\"https:\/\/policies.google.com\/privacy\" target=\"_blank\" rel=\"noreferrer noopener\">Privacy Policy<\/a>. Soggetto aderente al Privacy Shield.<\/p>\n\n\n\n<p class=\"wp-block-paragraph\"><strong>Diritti\ndell\u2019Utente<\/strong><\/p>\n\n\n\n<p class=\"wp-block-paragraph\">Gli Utenti possono esercitare\ndeterminati diritti con riferimento ai Dati trattati dal Titolare.<\/p>\n\n\n\n<p class=\"wp-block-paragraph\">In particolare, l\u2019Utente ha il diritto\ndi:<\/p>\n\n\n\n<ul class=\"wp-block-list\"><li><strong>revocare il consenso in ogni\nmomento.<\/strong>&nbsp;L\u2019Utente pu\u00f2 revocare il consenso\nal trattamento dei propri Dati Personali precedentemente espresso.<\/li><li><strong>opporsi al trattamento dei\npropri Dati.<\/strong>&nbsp;L\u2019Utente pu\u00f2 opporsi al\ntrattamento dei propri Dati quando esso avviene su una base giuridica diversa\ndal consenso. Ulteriori dettagli sul diritto di opposizione sono indicati nella\nsezione sottostante.<\/li><li><strong>accedere ai propri Dati.<\/strong>&nbsp;L\u2019Utente ha diritto ad ottenere informazioni sui Dati trattati dal\nTitolare, su determinati aspetti del trattamento ed a ricevere una copia dei\nDati trattati.<\/li><li><strong>verificare e chiedere la\nrettificazione.<\/strong>&nbsp;L\u2019Utente pu\u00f2 verificare la\ncorrettezza dei propri Dati e richiederne l\u2019aggiornamento o la correzione.<\/li><li><strong>ottenere la limitazione del\ntrattamento.<\/strong>&nbsp;Quando ricorrono determinate\ncondizioni, l\u2019Utente pu\u00f2 richiedere la limitazione del trattamento dei propri\nDati. In tal caso il Titolare non tratter\u00e0 i Dati per alcun altro scopo se non\nla loro conservazione.<\/li><li><strong>ottenere la cancellazione o\nrimozione dei propri Dati Personali.<\/strong>&nbsp;Quando\nricorrono determinate condizioni, l\u2019Utente pu\u00f2 richiedere la cancellazione dei\npropri Dati da parte del Titolare.<\/li><li><strong>ricevere i propri Dati o farli\ntrasferire ad altro titolare.<\/strong>&nbsp;L\u2019Utente\nha diritto di ricevere i propri Dati in formato strutturato, di uso comune e\nleggibile da dispositivo automatico e, ove tecnicamente fattibile, di ottenerne\nil trasferimento senza ostacoli ad un altro titolare. Questa disposizione \u00e8\napplicabile quando i Dati sono trattati con strumenti automatizzati ed il\ntrattamento \u00e8 basato sul consenso dell\u2019Utente, su un contratto di cui l\u2019Utente\n\u00e8 parte o su misure contrattuali ad esso connesse.<\/li><li><strong>proporre reclamo.<\/strong>&nbsp;L\u2019Utente pu\u00f2 proporre un reclamo all\u2019autorit\u00e0 di controllo della\nprotezione dei dati personali competente o agire in sede giudiziale.<\/li><\/ul>\n\n\n\n<p class=\"wp-block-paragraph\"><strong>Dettagli\nsul diritto di opposizione<\/strong><\/p>\n\n\n\n<p class=\"wp-block-paragraph\">Quando i Dati Personali sono trattati\nnell\u2019interesse pubblico, nell\u2019esercizio di pubblici poteri di cui \u00e8 investito\nil Titolare oppure per perseguire un interesse legittimo del Titolare, gli\nUtenti hanno diritto ad opporsi al trattamento per motivi connessi alla loro\nsituazione particolare.<\/p>\n\n\n\n<p class=\"wp-block-paragraph\">Si fa presente agli Utenti che, ove i\nloro Dati fossero trattati con finalit\u00e0 di marketing diretto, possono opporsi\nal trattamento senza fornire alcuna motivazione. Per scoprire se il Titolare\ntratti dati con finalit\u00e0 di marketing diretto gli Utenti possono fare\nriferimento alle rispettive sezioni di questo documento.<\/p>\n\n\n\n<p class=\"wp-block-paragraph\"><strong>Come\nesercitare i diritti<\/strong><\/p>\n\n\n\n<p class=\"wp-block-paragraph\">Per esercitare i diritti dell\u2019Utente,\ngli Utenti possono indirizzare una richiesta agli estremi di contatto del\nTitolare indicati in questo documento. Le richieste sono depositate a titolo\ngratuito e evase dal Titolare nel pi\u00f9 breve tempo possibile, in ogni caso entro\nun mese.<\/p>\n\n\n\n<p class=\"wp-block-paragraph\"><strong>Cookie\nPolicy<\/strong><\/p>\n\n\n\n<p class=\"wp-block-paragraph\">Questo Sito Web fa utilizzo di Cookie e\naltri Identificatori. Per saperne di pi\u00f9, l\u2019Utente pu\u00f2 consultare la&nbsp;<a href=\"https:\/\/www.iubenda.com\/privacy-policy\/gdpr\/79212786\/cookie-policy?ifr=true&amp;height=525&amp;newmarkup=no&amp;an=no\">Cookie Policy<\/a>.<\/p>\n\n\n\n<p class=\"wp-block-paragraph\"><strong>Cookie Policy di <\/strong> <strong>Itinerarte<\/strong><\/p>\n\n\n\n<p class=\"wp-block-paragraph\">I Cookie o altri Identificatori sono\ncostituiti da porzioni di codice collocate sul dispositivo dell&#8217;Utente che\nassistono il Titolare nell&#8217;erogazione del Servizio in base alle finalit\u00e0\ndescritte.<\/p>\n\n\n\n<p class=\"wp-block-paragraph\">Alcune delle finalit\u00e0 di utilizzo degli\nIdentificatori potrebbero, inoltre, necessitare del consenso dell\u2019Utente.\nQualora sia gi\u00e0 stato prestato, il consenso pu\u00f2 essere revocato liberamente in\nqualsiasi momento seguendo le istruzioni contenute in questo documento.<\/p>\n\n\n\n<p class=\"wp-block-paragraph\"><strong>Attivit\u00e0 strettamente necessarie a\ngarantire il Funzionamento di questo Sito Web e la fornitura del Servizio<\/strong><\/p>\n\n\n\n<p class=\"wp-block-paragraph\">Questo Sito Web usa Cookie o altri\nIdentificatori per svolgere attivit\u00e0 che sono strettamente necessarie a\ngarantire il funzionamento o la fornitura del Servizio e, pertanto, non\nrichiedono il consenso degli Utenti. Gli Utenti possono disabilitare tali\nIdentificatori modificando le impostazioni del proprio browser o del proprio\ndispositivo cos\u00ec come descritto pi\u00f9 dettagliatamente nel presente documento\ntuttavia ci\u00f2 potrebbe influire negativamente sulle funzioni operative di base o\ncomportare l&#8217;indisponibilit\u00e0 del Servizio.<\/p>\n\n\n\n<p class=\"wp-block-paragraph\"><strong>Altre Attivit\u00e0<\/strong><\/p>\n\n\n\n<p class=\"wp-block-paragraph\"><strong>Esperienza\nmigliorata<\/strong><\/p>\n\n\n\n<p class=\"wp-block-paragraph\">Questo Sito Web usa Cookie o altri\nIdentificatori per fornire una user experience personalizzata migliorando la\nqualit\u00e0 della gestione delle impostazioni e consentendo l&#8217;interazione con\nnetwork e piattaforme esterne.<\/p>\n\n\n\n<ul class=\"wp-block-list\"><li><strong>Interazione con social network\ne piattaforme esterne<\/strong><\/li><\/ul>\n\n\n\n<p class=\"wp-block-paragraph\">Questo tipo di servizi permette di\neffettuare interazioni con i social network, o con altre piattaforme esterne,\ndirettamente dalle pagine di questo Sito Web.<br>\nLe interazioni e le informazioni acquisite da questo Sito Web sono in ogni caso\nsoggette alle impostazioni privacy dell\u2019Utente relative ad ogni social network.<br>\nQuesto tipo di servizio potrebbe comunque raccogliere dati sul traffico per le\npagine dove il servizio \u00e8 installato, anche quando gli Utenti non lo\nutilizzano.<br>\nSi raccomanda di disconnettersi dai rispettivi servizi per assicurarsi che i\ndati elaborati su questo Sito Web non vengano ricollegati al profilo\ndell&#8217;Utente.<\/p>\n\n\n\n<p class=\"wp-block-paragraph\"><strong>Pulsante\ne widget sociali di Linkedin (LinkedIn Corporation)<\/strong><\/p>\n\n\n\n<p class=\"wp-block-paragraph\">Il pulsante e i widget sociali di\nLinkedIn sono servizi di interazione con il social network Linkedin, forniti da\nLinkedIn Corporation.<\/p>\n\n\n\n<p class=\"wp-block-paragraph\">Dati Personali trattati: Cookie e Dati\ndi utilizzo.<\/p>\n\n\n\n<p class=\"wp-block-paragraph\">Luogo del trattamento: Stati Uniti\n\u2013&nbsp;<a href=\"https:\/\/www.linkedin.com\/legal\/privacy-policy\" target=\"_blank\" rel=\"noreferrer noopener\">Privacy Policy<\/a>. Soggetto aderente al Privacy Shield.<\/p>\n\n\n\n<p class=\"wp-block-paragraph\"><strong>Pulsante\nMi Piace e widget sociali di Facebook (Facebook Ireland Ltd)<\/strong><\/p>\n\n\n\n<p class=\"wp-block-paragraph\">Il pulsante \u201cMi Piace\u201d e i widget\nsociali di Facebook sono servizi di interazione con il social network Facebook,\nforniti da Facebook Ireland Ltd<\/p>\n\n\n\n<p class=\"wp-block-paragraph\">Dati Personali trattati: Cookie e Dati\ndi utilizzo.<\/p>\n\n\n\n<p class=\"wp-block-paragraph\">Luogo del trattamento: Irlanda \u2013&nbsp;<a href=\"https:\/\/www.facebook.com\/about\/privacy\/\" target=\"_blank\" rel=\"noreferrer noopener\">Privacy Policy<\/a>. Soggetto aderente al Privacy Shield.<\/p>\n\n\n\n<p class=\"wp-block-paragraph\"><strong>Misurazione<\/strong><\/p>\n\n\n\n<p class=\"wp-block-paragraph\">Questo Sito Web usa Cookie o altri\nIdentificatori per misurare il traffico e analizzare il comportamento degli\nUtenti con l&#8217;obiettivo di migliorare il Servizio.<\/p>\n\n\n\n<ul class=\"wp-block-list\"><li><strong>Servizi di statistica\nanonimizzata<\/strong><\/li><\/ul>\n\n\n\n<p class=\"wp-block-paragraph\">I servizi contenuti nella presente\nsezione sono servizi di terza parte che permettono al Titolare, tramite l\u2019uso\ndi Cookie o altri Identificatori, di gestire le statistiche in forma\nanonimizzata. A seconda della legge applicabile, questi servizi potrebbero non\nrichiedere il consenso dell&#8217;Utente. In tali casi gli Utenti possono disattivare\ngli Identificatori modificando le impostazioni del loro browser o dispositivo\ncome descritto pi\u00f9 dettagliatamente nel presente documento.<\/p>\n\n\n\n<p class=\"wp-block-paragraph\"><strong>Google\nAnalytics con IP anonimizzato (Google Ireland Limited)<\/strong><\/p>\n\n\n\n<p class=\"wp-block-paragraph\">Google Analytics \u00e8 un servizio di\nanalisi web fornito da Google Ireland Limited (\u201cGoogle\u201d). Google utilizza i\nDati Personali raccolti allo scopo di tracciare ed esaminare l\u2019utilizzo di\nquesto Sito Web, compilare report e condividerli con gli altri servizi\nsviluppati da Google.<br>\nGoogle potrebbe utilizzare i Dati Personali per contestualizzare e\npersonalizzare gli annunci del proprio network pubblicitario.<br>\nQuesta integrazione di Google Analytics rende anonimo il tuo indirizzo IP.\nL&#8217;anonimizzazione funziona abbreviando entro i confini degli stati membri\ndell&#8217;Unione Europea o in altri Paesi aderenti all&#8217;accordo sullo Spazio\nEconomico Europeo l&#8217;indirizzo IP degli Utenti. Solo in casi eccezionali, l&#8217;indirizzo\nIP sar\u00e0 inviato ai server di Google ed abbreviato all&#8217;interno degli Stati\nUniti.<\/p>\n\n\n\n<p class=\"wp-block-paragraph\">Dati Personali trattati: Cookie e Dati\ndi utilizzo.<\/p>\n\n\n\n<p class=\"wp-block-paragraph\">Luogo del trattamento: Irlanda \u2013&nbsp;<a href=\"https:\/\/policies.google.com\/privacy\" target=\"_blank\" rel=\"noreferrer noopener\">Privacy Policy<\/a>&nbsp;\u2013&nbsp;<a href=\"https:\/\/tools.google.com\/dlpage\/gaoptout?hl=en\" target=\"_blank\" rel=\"noreferrer noopener\">Opt Out<\/a>. Soggetto aderente al Privacy Shield.<\/p>\n\n\n\n<ul class=\"wp-block-list\"><li><strong>Statistica<\/strong><\/li><\/ul>\n\n\n\n<p class=\"wp-block-paragraph\">I servizi contenuti nella presente\nsezione permettono al Titolare del Trattamento di monitorare e analizzare i\ndati di traffico e servono a tener traccia del comportamento dell\u2019Utente.<\/p>\n\n\n\n<p class=\"wp-block-paragraph\"><strong>Google\nAnalytics (Google Ireland Limited)<\/strong><\/p>\n\n\n\n<p class=\"wp-block-paragraph\">Google Analytics \u00e8 un servizio di\nanalisi web fornito da Google Ireland Limited (\u201cGoogle\u201d). Google utilizza i\nDati Personali raccolti allo scopo di tracciare ed esaminare l\u2019utilizzo di\nquesto Sito Web, compilare report e condividerli con gli altri servizi\nsviluppati da Google.<br>\nGoogle potrebbe utilizzare i Dati Personali per contestualizzare e\npersonalizzare gli annunci del proprio network pubblicitario.<\/p>\n\n\n\n<p class=\"wp-block-paragraph\">Dati Personali trattati: Cookie e Dati\ndi utilizzo.<\/p>\n\n\n\n<p class=\"wp-block-paragraph\">Luogo del trattamento: Irlanda \u2013&nbsp;<a href=\"https:\/\/policies.google.com\/privacy\" target=\"_blank\" rel=\"noreferrer noopener\">Privacy Policy<\/a>&nbsp;\u2013&nbsp;<a href=\"https:\/\/tools.google.com\/dlpage\/gaoptout?hl=en\" target=\"_blank\" rel=\"noreferrer noopener\">Opt Out<\/a>. Soggetto aderente al Privacy Shield.<\/p>\n\n\n\n<p class=\"wp-block-paragraph\"><strong>WordPress\nStat (Automattic Inc.)<\/strong><\/p>\n\n\n\n<p class=\"wp-block-paragraph\">WordPress Stats \u00e8 un servizio di\nstatistica fornito da Automattic Inc.<\/p>\n\n\n\n<p class=\"wp-block-paragraph\">Dati Personali trattati: Cookie e Dati\ndi utilizzo.<\/p>\n\n\n\n<p class=\"wp-block-paragraph\">Luogo del trattamento: Stati Uniti \u2013&nbsp;<a href=\"https:\/\/automattic.com\/privacy\/\" target=\"_blank\" rel=\"noreferrer noopener\">Privacy\nPolicy<\/a>.<\/p>\n\n\n\n<p class=\"wp-block-paragraph\"><strong>Targeting\ne Pubblicit\u00e0<\/strong><\/p>\n\n\n\n<p class=\"wp-block-paragraph\">Questo Sito Web usa Cookie o altri\nIdentificatori per fornire contenuti commerciali personalizzati in base al\ncomportamento dell&#8217;Utente e per gestire, fornire e tenere traccia degli annunci\npubblicitari.<\/p>\n\n\n\n<ul class=\"wp-block-list\"><li><strong>Remarketing e behavioral\ntargeting<\/strong><\/li><\/ul>\n\n\n\n<p class=\"wp-block-paragraph\">Questo tipo di servizi consente a questo\nSito Web ed ai suoi partner di comunicare, ottimizzare e servire annunci\npubblicitari basati sull&#8217;utilizzo passato di questo Sito Web da parte\ndell&#8217;Utente.<br>\nQuesta attivit\u00e0 \u00e8 facilitata dal tracciamento dei Dati di Utilizzo e\ndall&#8217;utilizzo di Cookies e altri Identificatori per raccogliere informazioni\nche vengono poi trasferite ai partner che gestiscono le attivit\u00e0 di remarketing\ne di behaviooral targeting.<br>\nAlcuni servizi offrono un&#8217;opzione di remarketing basata sulle liste di\nindirizzi email.<br>\nIn aggiunta alle funzionalit\u00e0 di opt-out offerte dai servizi di seguito\nriportati, l&#8217;Utente pu\u00f2 effettuare l\u2019opt-out visitando la&nbsp;<a href=\"http:\/\/optout.networkadvertising.org\/\" target=\"_blank\" rel=\"noreferrer noopener\">pagina di opt-out della Network Advertising Initiative<\/a>.<\/p>\n\n\n\n<p class=\"wp-block-paragraph\"><strong>Gli Utenti possono anche scegliere di non\npartecipare a determinate funzionalit\u00e0 pubblicitarie attraverso le\ncorrispondenti opzioni di configurazione del dispositivo, come le opzioni di\nconfigurazione pubblicitaria del dispositivo mobile o la configurazione\npubblicitaria generica<\/strong>.<\/p>\n\n\n\n<p class=\"wp-block-paragraph\"><strong>Facebook\nRemarketing (Facebook Ireland Ltd)<\/strong><\/p>\n\n\n\n<p class=\"wp-block-paragraph\">Facebook Remarketing \u00e8 un servizio di\nremarketing e behavioral targeting fornito da Facebook Ireland Ltd che collega\nl&#8217;attivit\u00e0 di questo Sito Web con il network di advertising Facebook.<\/p>\n\n\n\n<p class=\"wp-block-paragraph\">Dati Personali trattati: Cookie e Dati\ndi utilizzo.<\/p>\n\n\n\n<p class=\"wp-block-paragraph\">Luogo del trattamento: Irlanda \u2013&nbsp;<a href=\"https:\/\/www.facebook.com\/about\/privacy\/\" target=\"_blank\" rel=\"noreferrer noopener\">Privacy Policy<\/a>&nbsp;\u2013&nbsp;<a href=\"https:\/\/www.aboutads.info\/choices\/\" target=\"_blank\" rel=\"noreferrer noopener\">Opt Out<\/a>. Soggetto aderente al Privacy Shield.<\/p>\n\n\n\n<p class=\"wp-block-paragraph\"><strong>Remarketing\ncon Google Analytics (Google Ireland Limited)<\/strong><\/p>\n\n\n\n<p class=\"wp-block-paragraph\">Remarketing con Google Analytics \u00e8 un\nservizio di remarketing e behavioral targeting fornito da Google Ireland\nLimited che collega l&#8217;attivit\u00e0 di tracciamento effettuata da Google Analytics e\ndai suoi Cookie con il network di advertising Google Ads ed il Cookie\nDoubleclick.<\/p>\n\n\n\n<p class=\"wp-block-paragraph\">Dati Personali trattati: Cookie e Dati\ndi utilizzo.<\/p>\n\n\n\n<p class=\"wp-block-paragraph\">Luogo del trattamento: Irlanda \u2013&nbsp;<a href=\"https:\/\/policies.google.com\/privacy\" target=\"_blank\" rel=\"noreferrer noopener\">Privacy Policy<\/a>&nbsp;\u2013&nbsp;<a href=\"https:\/\/adssettings.google.com\/authenticated#display_optout\" target=\"_blank\" rel=\"noreferrer noopener\">Opt Out<\/a><a href=\"https:\/\/adssettings.google.com\/authenticated#display_optout\" target=\"_blank\" rel=\"noreferrer noopener\">Opt Out<\/a>. Soggetto\naderente al Privacy Shield.<\/p>\n\n\n\n<p class=\"wp-block-paragraph\"><strong>Come prestare o revocare il consenso<\/strong><\/p>\n\n\n\n<p class=\"wp-block-paragraph\">Gli Utenti possono prestare o revocare\nil proprio consenso all\u2019uso dei Cookie e altri Identificatori impostando di\nconseguenza le proprie preferenze all\u2019interno dell\u2019infomativa sui cookie o\naggiornando tali preferenze tramite l\u2019apposito widget per le impostazioni di\nconsenso, se disponibile.<\/p>\n\n\n\n<p class=\"wp-block-paragraph\">In aggiunta, gli Utenti possono gestire\nle proprie preferenze relative agli Identificatori direttamente dalle\nimpostazioni del proprio dispositivo e prevenire &#8211; per esempio &#8211; l&#8217;accettazione\ndi Identificatori di terze parti. Tramite le impostazioni del browser o del dispositivo,\n\u00e8 inoltre possibile eliminare gli Identificatori salvati in passato, inclusi\nquelli usati per memorizzare il consenso iniziale prestato dall\u2019Utente. Gli\nUtenti possono, trovare informazioni su come gestire gli Identificatori con\nalcuni dei browser pi\u00f9 diffusi, ad esempio, ai seguenti indirizzi:&nbsp;<a href=\"https:\/\/support.google.com\/chrome\/answer\/95647?hl=en&amp;p=cpn_cookies\" target=\"_blank\" rel=\"noreferrer noopener\">Google Chrome<\/a>,&nbsp;<a href=\"https:\/\/support.mozilla.org\/en-US\/kb\/enable-and-disable-cookies-website-preferences\" target=\"_blank\" rel=\"noreferrer noopener\">Mozilla Firefox<\/a>,&nbsp;<a href=\"https:\/\/support.apple.com\/guide\/safari\/manage-cookies-and-website-data-sfri11471\/\" target=\"_blank\" rel=\"noreferrer noopener\">Apple Safari<\/a>&nbsp;e&nbsp;<a href=\"http:\/\/windows.microsoft.com\/en-us\/windows-vista\/block-or-allow-cookies\" target=\"_blank\" rel=\"noreferrer noopener\">Microsoft Internet Explorer<\/a>.<\/p>\n\n\n\n<p class=\"wp-block-paragraph\">Con riferimento agli Identificatori\nimpiegati da terze parti, gli Utenti possono gestire le proprie impostazioni e\nrevocare il proprio consenso visitando il relativo link di opt out (qualora\ndisponibile), utilizzando gli strumenti descritti nella privacy policy della\nterza parte o contattando direttamente la stessa.<\/p>\n\n\n\n<p class=\"wp-block-paragraph\">Fermo restando quanto precede, si\ninformano gli Utenti della possibilit\u00e0 di avvalersi delle informazioni fornite\nda&nbsp;<a href=\"http:\/\/www.youronlinechoices.eu\/\" target=\"_blank\" rel=\"noreferrer noopener\">YourOnlineChoices<\/a>&nbsp;(EU), the&nbsp;<a href=\"https:\/\/www.networkadvertising.org\/understanding-digital-advertising\" target=\"_blank\" rel=\"noreferrer noopener\">Network Advertising Initiative<\/a>&nbsp;(USA)\nand the&nbsp;<a href=\"https:\/\/www.aboutads.info\/consumers\/\" target=\"_blank\" rel=\"noreferrer noopener\">Digital Advertising Alliance<\/a>&nbsp;(USA),&nbsp;<a href=\"https:\/\/youradchoices.ca\/understanding-online-advertising\/\" target=\"_blank\" rel=\"noreferrer noopener\">DAAC<\/a>&nbsp;(Canada),&nbsp;<a href=\"http:\/\/www.ddai.info\/optout\" target=\"_blank\" rel=\"noreferrer noopener\">DDAI<\/a>&nbsp;(Giappone)\no altri servizi analoghi. Con questi servizi \u00e8 possibile gestire le preferenze\ndi tracciamento della maggior parte degli strumenti pubblicitari. Il Titolare,\npertanto, consiglia agli Utenti di utilizzare tali risorse in aggiunta alle\ninformazioni fornite dal presente documento.<\/p>\n\n\n\n<p class=\"wp-block-paragraph\"><strong>Titolare del Trattamento dei Dati<\/strong><\/p>\n\n\n\n<p class=\"wp-block-paragraph\">ItinerartE di Lucia Mulo &#8211; Via Giovanni Rocco, 80026 Casoria (NA)<\/p>\n\n\n\n<p class=\"wp-block-paragraph\"><strong>Indirizzo email del Titolare:<\/strong>\u00a0 info@itinerarte.eu<\/p>\n\n\n\n<p class=\"wp-block-paragraph\">Dal momento che l\u2019uso di Cookie e altri\nIdentificatori operato da terze parti tramite i servizi utilizzati all&#8217;interno\ndi questo Sito Web non pu\u00f2 essere tecnicamente controllato dal Titolare, ogni\nriferimento specifico ad Identificatori utilizzati da terze parti \u00e8 da\nconsiderarsi indicativo. Per ottenere informazioni complete, l\u2019Utente \u00e8\ninvitato a consultare la privacy policy degli eventuali servizi terzi elencati\nin questo documento.<\/p>\n\n\n\n<p class=\"wp-block-paragraph\">Vista l&#8217;oggettiva complessit\u00e0 di\nidentificazione delle tecnologie basate sui Cookie e altri Identificatori, gli\nUtenti sono invitati a contattare il Titolare qualora volessero ricevere qualunque\napprofondimento relativo all&#8217;utilizzo di tali Identificatori tramite questo\nSito Web.<\/p>\n\n\n\n<p class=\"wp-block-paragraph\"><strong>Definizioni e riferimenti\nlegali<\/strong><\/p>\n\n\n\n<p class=\"wp-block-paragraph\"><strong>Dati\nPersonali (o Dati)<\/strong><\/p>\n\n\n\n<p class=\"wp-block-paragraph\">Costituisce dato personale qualunque\ninformazione che, direttamente o indirettamente, anche in collegamento con\nqualsiasi altra informazione, ivi compreso un numero di identificazione\npersonale, renda identificata o identificabile una persona fisica.<\/p>\n\n\n\n<p class=\"wp-block-paragraph\"><strong>Dati di\nUtilizzo<\/strong><\/p>\n\n\n\n<p class=\"wp-block-paragraph\">Sono le informazioni raccolte\nautomaticamente attraverso questo Sito Web (anche da applicazioni di parti\nterze integrate in questo Sito Web), tra cui: gli indirizzi IP o i nomi a\ndominio dei computer utilizzati dall\u2019Utente che si connette con questo Sito\nWeb, gli indirizzi in notazione URI (Uniform Resource Identifier), l\u2019orario\ndella richiesta, il metodo utilizzato nell\u2019inoltrare la richiesta al server, la\ndimensione del file ottenuto in risposta, il codice numerico indicante lo stato\ndella risposta dal server (buon fine, errore, ecc.) il paese di provenienza, le\ncaratteristiche del browser e del sistema operativo utilizzati dal visitatore,\nle varie connotazioni temporali della visita (ad esempio il tempo di permanenza\nsu ciascuna pagina) e i dettagli relativi all\u2019itinerario seguito all\u2019interno\ndell\u2019Applicazione, con particolare riferimento alla sequenza delle pagine\nconsultate, ai parametri relativi al sistema operativo e all\u2019ambiente\ninformatico dell\u2019Utente.<\/p>\n\n\n\n<p class=\"wp-block-paragraph\"><strong>Utente<\/strong><\/p>\n\n\n\n<p class=\"wp-block-paragraph\">L&#8217;individuo che utilizza questo Sito Web\nche, salvo ove diversamente specificato, coincide con l&#8217;Interessato.<\/p>\n\n\n\n<p class=\"wp-block-paragraph\"><strong>Interessato<\/strong><\/p>\n\n\n\n<p class=\"wp-block-paragraph\">La persona fisica cui si riferiscono i\nDati Personali.<\/p>\n\n\n\n<p class=\"wp-block-paragraph\"><strong>Responsabile\ndel Trattamento (o Responsabile)<\/strong><\/p>\n\n\n\n<p class=\"wp-block-paragraph\">La persona fisica, giuridica, la\npubblica amministrazione e qualsiasi altro ente che tratta dati personali per\nconto del Titolare, secondo quanto esposto nella presente privacy policy.<\/p>\n\n\n\n<p class=\"wp-block-paragraph\"><strong>Titolare\ndel Trattamento (o Titolare)<\/strong><\/p>\n\n\n\n<p class=\"wp-block-paragraph\">La persona fisica o giuridica,\nl&#8217;autorit\u00e0 pubblica, il servizio o altro organismo che, singolarmente o insieme\nad altri, determina le finalit\u00e0 e i mezzi del trattamento di dati personali e\ngli strumenti adottati, ivi comprese le misure di sicurezza relative al\nfunzionamento ed alla fruizione di questo Sito Web. Il Titolare del\nTrattamento, salvo quanto diversamente specificato, \u00e8 il titolare di questo\nSito Web.<\/p>\n\n\n\n<p class=\"wp-block-paragraph\"><strong>Questo\nSito Web (o questa Applicazione)<\/strong><\/p>\n\n\n\n<p class=\"wp-block-paragraph\">Lo strumento hardware o software\nmediante il quale sono raccolti e trattati i Dati Personali degli Utenti.<\/p>\n\n\n\n<p class=\"wp-block-paragraph\"><strong>Servizio<\/strong><\/p>\n\n\n\n<p class=\"wp-block-paragraph\">Il Servizio fornito da questo Sito Web\ncos\u00ec come definito nei relativi termini (se presenti) su questo\nsito\/applicazione.<\/p>\n\n\n\n<p class=\"wp-block-paragraph\"><strong>Unione\nEuropea (o UE)<\/strong><\/p>\n\n\n\n<p class=\"wp-block-paragraph\">Salvo ove diversamente specificato, ogni\nriferimento all\u2019Unione Europea contenuto in questo documento si intende esteso\na tutti gli attuali stati membri dell\u2019Unione Europea e dello Spazio Economico\nEuropeo.<\/p>\n\n\n\n<p class=\"wp-block-paragraph\"><strong>Cookie<\/strong><\/p>\n\n\n\n<p class=\"wp-block-paragraph\">I Cookie sono Identificatori che\nconsistono in piccole porzioni di dati conservate all&#8217;interno del dispositivo\ndell&#8217;Utente.<\/p>\n\n\n\n<p class=\"wp-block-paragraph\"><strong>Identificatori<\/strong><\/p>\n\n\n\n<p class=\"wp-block-paragraph\">Qualsiasi tecnologia &#8211; compresi i Cookie\n&#8211; che permette la conservazione di informazioni, o l\u2019accesso ad informazioni\ngi\u00e0 salvate, sul dispositivo dell\u2019Utente.<\/p>\n\n\n\n<hr class=\"wp-block-separator\"\/>\n\n\n\n<p class=\"wp-block-paragraph\"><strong>Riferimenti\nlegali<\/strong><\/p>\n\n\n\n<p class=\"wp-block-paragraph\">La presente informativa privacy \u00e8\nredatta sulla base di molteplici ordinamenti legislativi, inclusi gli artt. 13\ne 14 del Regolamento (UE) 2016\/679.<\/p>\n\n\n\n<p class=\"wp-block-paragraph\">Ove non diversamente specificato, questa informativa privacy riguarda\nesclusivamente questo Sito Web.<\/p>\n\n\n\n<p class=\"wp-block-paragraph\"><strong>Ulteriori\ninformazioni sul trattamento<\/strong><\/p>\n\n\n\n<p class=\"wp-block-paragraph\"><strong>Difesa in\ngiudizio<\/strong><\/p>\n\n\n\n<p class=\"wp-block-paragraph\">I Dati Personali dell\u2019Utente possono\nessere utilizzati da parte del Titolare in giudizio o nelle fasi preparatorie\nalla sua eventuale instaurazione per la difesa da abusi nell&#8217;utilizzo di questo\nSito Web o dei Servizi connessi da parte dell\u2019Utente.<br>\nL\u2019Utente dichiara di essere consapevole che il Titolare potrebbe essere\nobbligato a rivelare i Dati per ordine delle autorit\u00e0 pubbliche.<\/p>\n\n\n\n<p class=\"wp-block-paragraph\"><strong>Informative\nspecifiche<\/strong><\/p>\n\n\n\n<p class=\"wp-block-paragraph\">Su richiesta dell\u2019Utente, in aggiunta\nalle informazioni contenute in questa privacy policy, questo Sito Web potrebbe\nfornire all&#8217;Utente delle informative aggiuntive e contestuali riguardanti\nServizi specifici, o la raccolta ed il trattamento di Dati Personali.<\/p>\n\n\n\n<p class=\"wp-block-paragraph\"><strong>Log di\nsistema e manutenzione<\/strong><\/p>\n\n\n\n<p class=\"wp-block-paragraph\">Per necessit\u00e0 legate al funzionamento ed\nalla manutenzione, questo Sito Web e gli eventuali servizi terzi da essa\nutilizzati potrebbero raccogliere log di sistema, ossia file che registrano le\ninterazioni e che possono contenere anche Dati Personali, quali l\u2019indirizzo IP\nUtente.<\/p>\n\n\n\n<p class=\"wp-block-paragraph\"><strong>Informazioni\nnon contenute in questa policy<\/strong><\/p>\n\n\n\n<p class=\"wp-block-paragraph\">Ulteriori informazioni in relazione al\ntrattamento dei Dati Personali potranno essere richieste in qualsiasi momento\nal Titolare del Trattamento utilizzando gli estremi di contatto.<\/p>\n\n\n\n<p class=\"wp-block-paragraph\"><strong>Risposta\nalle richieste \u201cDo Not Track\u201d<\/strong><\/p>\n\n\n\n<p class=\"wp-block-paragraph\">Questo Sito Web non supporta le richieste\n\u201cDo Not Track\u201d.<br>\nPer scoprire se gli eventuali servizi di terze parti utilizzati le supportino,\nl&#8217;Utente \u00e8 invitato a consultare le rispettive privacy policy.<\/p>\n\n\n\n<p class=\"wp-block-paragraph\"><strong>Modifiche\na questa privacy policy<\/strong><\/p>\n\n\n\n<p class=\"wp-block-paragraph\">Il Titolare del Trattamento si riserva\nil diritto di apportare modifiche alla presente privacy policy in qualunque\nmomento notificandolo agli Utenti su questa pagina e, se possibile, su questo\nSito Web nonch\u00e9, qualora tecnicamente e legalmente fattibile, inviando una\nnotifica agli Utenti attraverso uno degli estremi di contatto di cui \u00e8 in\npossesso. Si prega dunque di consultare con frequenza questa pagina, facendo\nriferimento alla data di ultima modifica indicata in fondo.<br>\n<br>\nQualora le modifiche interessino trattamenti la cui base giuridica \u00e8 il\nconsenso, il Titolare provveder\u00e0 a raccogliere nuovamente il consenso\ndell\u2019Utente, se necessario.<\/p>\n\n\n\n<p class=\"wp-block-paragraph\"><strong>Definizioni e riferimenti\nlegali<\/strong><\/p>\n\n\n\n<p class=\"wp-block-paragraph\"><strong>Dati\nPersonali (o Dati)<\/strong><\/p>\n\n\n\n<p class=\"wp-block-paragraph\">Costituisce dato personale qualunque\ninformazione che, direttamente o indirettamente, anche in collegamento con\nqualsiasi altra informazione, ivi compreso un numero di identificazione\npersonale, renda identificata o identificabile una persona fisica.<\/p>\n\n\n\n<p class=\"wp-block-paragraph\"><strong>Dati di\nUtilizzo<\/strong><\/p>\n\n\n\n<p class=\"wp-block-paragraph\">Sono le informazioni raccolte\nautomaticamente attraverso questo Sito Web (anche da applicazioni di parti terze\nintegrate in questo Sito Web), tra cui: gli indirizzi IP o i nomi a dominio dei\ncomputer utilizzati dall\u2019Utente che si connette con questo Sito Web, gli\nindirizzi in notazione URI (Uniform Resource Identifier), l\u2019orario della\nrichiesta, il metodo utilizzato nell\u2019inoltrare la richiesta al server, la\ndimensione del file ottenuto in risposta, il codice numerico indicante lo stato\ndella risposta dal server (buon fine, errore, ecc.) il paese di provenienza, le\ncaratteristiche del browser e del sistema operativo utilizzati dal visitatore,\nle varie connotazioni temporali della visita (ad esempio il tempo di permanenza\nsu ciascuna pagina) e i dettagli relativi all\u2019itinerario seguito all\u2019interno\ndell\u2019Applicazione, con particolare riferimento alla sequenza delle pagine\nconsultate, ai parametri relativi al sistema operativo e all\u2019ambiente\ninformatico dell\u2019Utente.<\/p>\n\n\n\n<p class=\"wp-block-paragraph\"><strong>Utente<\/strong><\/p>\n\n\n\n<p class=\"wp-block-paragraph\">L&#8217;individuo che utilizza questo Sito Web\nche, salvo ove diversamente specificato, coincide con l&#8217;Interessato.<\/p>\n\n\n\n<p class=\"wp-block-paragraph\"><strong>Interessato<\/strong><\/p>\n\n\n\n<p class=\"wp-block-paragraph\">La persona fisica cui si riferiscono i\nDati Personali.<\/p>\n\n\n\n<p class=\"wp-block-paragraph\"><strong>Responsabile\ndel Trattamento (o Responsabile)<\/strong><\/p>\n\n\n\n<p class=\"wp-block-paragraph\">La persona fisica, giuridica, la\npubblica amministrazione e qualsiasi altro ente che tratta dati personali per\nconto del Titolare, secondo quanto esposto nella presente privacy policy.<\/p>\n\n\n\n<p class=\"wp-block-paragraph\"><strong>Titolare\ndel Trattamento (o Titolare)<\/strong><\/p>\n\n\n\n<p class=\"wp-block-paragraph\">La persona fisica o giuridica,\nl&#8217;autorit\u00e0 pubblica, il servizio o altro organismo che, singolarmente o insieme\nad altri, determina le finalit\u00e0 e i mezzi del trattamento di dati personali e\ngli strumenti adottati, ivi comprese le misure di sicurezza relative al\nfunzionamento ed alla fruizione di questo Sito Web. Il Titolare del\nTrattamento, salvo quanto diversamente specificato, \u00e8 il titolare di questo\nSito Web.<\/p>\n\n\n\n<p class=\"wp-block-paragraph\"><strong>Questo\nSito Web (o questa Applicazione)<\/strong><\/p>\n\n\n\n<p class=\"wp-block-paragraph\">Lo strumento hardware o software\nmediante il quale sono raccolti e trattati i Dati Personali degli Utenti.<\/p>\n\n\n\n<p class=\"wp-block-paragraph\"><strong>Servizio<\/strong><\/p>\n\n\n\n<p class=\"wp-block-paragraph\">Il Servizio fornito da questo Sito Web\ncos\u00ec come definito nei relativi termini (se presenti) su questo\nsito\/applicazione.<\/p>\n\n\n\n<p class=\"wp-block-paragraph\"><strong>Unione\nEuropea (o UE)<\/strong><\/p>\n\n\n\n<p class=\"wp-block-paragraph\">Salvo ove diversamente specificato, ogni\nriferimento all\u2019Unione Europea contenuto in questo documento si intende esteso\na tutti gli attuali stati membri dell\u2019Unione Europea e dello Spazio Economico\nEuropeo.<\/p>\n\n\n\n<p class=\"wp-block-paragraph\"><strong>Cookie<\/strong><\/p>\n\n\n\n<p class=\"wp-block-paragraph\">Piccola porzione di dati conservata\nall&#8217;interno del dispositivo dell&#8217;Utente.<\/p>\n\n\n\n<hr class=\"wp-block-separator\"\/>\n\n\n\n<p class=\"wp-block-paragraph\"><strong>Riferimenti\nlegali<\/strong><\/p>\n\n\n\n<p class=\"wp-block-paragraph\">La presente informativa privacy \u00e8\nredatta sulla base di molteplici ordinamenti legislativi, inclusi gli artt. 13\ne 14 del Regolamento (UE) 2016\/679.<\/p>\n\n\n\n<p class=\"wp-block-paragraph\">Ove non diversamente specificato, questa informativa privacy riguarda esclusivamente\nquesto Sito Web.<\/p>\n\n\n\n<p class=\"wp-block-paragraph\">Ultima modifica: 3 giugno 2020<\/p>","protected":false},"excerpt":{"rendered":"<p>Privacy &amp; Cookie Policy di\u00a0ItinerartE Questo Sito Web raccoglie alcuni Dati Personali dei propri Utenti. Questo documento pu\u00f2 essere stampato utilizzando il comando di stampa presente nelle impostazioni di qualsiasi browser. Titolare del Trattamento dei Dati ItinerartE di Lucia Mulo \u2013 Via Giovanni Rocco, 80026 Casoria (NA) Indirizzo email del Titolare:\u00a0 info@itinerarte.eu Tipologie di Dati [&hellip;]<\/p>\n","protected":false},"author":1,"featured_media":0,"parent":0,"menu_order":0,"comment_status":"closed","ping_status":"open","template":"","meta":{"footnotes":""},"class_list":["post-3","page","type-page","status-publish","hentry"],"yoast_head":"<!-- This site is optimized with the Yoast SEO plugin v26.3 - https:\/\/yoast.com\/wordpress\/plugins\/seo\/ -->\n<title>Privacy &amp; Cookie Policy - Itinerarte<\/title>\n<meta name=\"robots\" content=\"index, follow, max-snippet:-1, max-image-preview:large, max-video-preview:-1\" \/>\n<link rel=\"canonical\" href=\"https:\/\/www.itinerarte.eu\/en\/privacy-policy\/\" \/>\n<meta property=\"og:locale\" content=\"en_GB\" \/>\n<meta property=\"og:type\" content=\"article\" \/>\n<meta property=\"og:title\" content=\"Privacy &amp; Cookie Policy - Itinerarte\" \/>\n<meta property=\"og:description\" content=\"Privacy &amp; Cookie Policy di\u00a0ItinerartE Questo Sito Web raccoglie alcuni Dati Personali dei propri Utenti. Questo documento pu\u00f2 essere stampato utilizzando il comando di stampa presente nelle impostazioni di qualsiasi browser. Titolare del Trattamento dei Dati ItinerartE di Lucia Mulo \u2013 Via Giovanni Rocco, 80026 Casoria (NA) Indirizzo email del Titolare:\u00a0 info@itinerarte.eu Tipologie di Dati [&hellip;]\" \/>\n<meta property=\"og:url\" content=\"https:\/\/www.itinerarte.eu\/en\/privacy-policy\/\" \/>\n<meta property=\"og:site_name\" content=\"Itinerarte\" \/>\n<meta property=\"article:publisher\" content=\"https:\/\/www.facebook.com\/ItinerartElm\/\" \/>\n<meta property=\"article:modified_time\" content=\"2020-07-16T09:50:03+00:00\" \/>\n<meta name=\"twitter:card\" content=\"summary_large_image\" \/>\n<meta name=\"twitter:label1\" content=\"Estimated reading time\" \/>\n\t<meta name=\"twitter:data1\" content=\"28 minutes\" \/>\n<script type=\"application\/ld+json\" class=\"yoast-schema-graph\">{\"@context\":\"https:\/\/schema.org\",\"@graph\":[{\"@type\":\"WebPage\",\"@id\":\"https:\/\/www.itinerarte.eu\/privacy-policy\/\",\"url\":\"https:\/\/www.itinerarte.eu\/privacy-policy\/\",\"name\":\"Privacy & Cookie Policy - Itinerarte\",\"isPartOf\":{\"@id\":\"https:\/\/www.itinerarte.eu\/en\/#website\"},\"datePublished\":\"2020-07-07T15:32:57+00:00\",\"dateModified\":\"2020-07-16T09:50:03+00:00\",\"breadcrumb\":{\"@id\":\"https:\/\/www.itinerarte.eu\/privacy-policy\/#breadcrumb\"},\"inLanguage\":\"en-GB\",\"potentialAction\":[{\"@type\":\"ReadAction\",\"target\":[\"https:\/\/www.itinerarte.eu\/privacy-policy\/\"]}]},{\"@type\":\"BreadcrumbList\",\"@id\":\"https:\/\/www.itinerarte.eu\/privacy-policy\/#breadcrumb\",\"itemListElement\":[{\"@type\":\"ListItem\",\"position\":1,\"name\":\"Home\",\"item\":\"https:\/\/www.itinerarte.eu\/en\/\"},{\"@type\":\"ListItem\",\"position\":2,\"name\":\"Privacy &#038; Cookie Policy\"}]},{\"@type\":\"WebSite\",\"@id\":\"https:\/\/www.itinerarte.eu\/en\/#website\",\"url\":\"https:\/\/www.itinerarte.eu\/en\/\",\"name\":\"Itinerarte\",\"description\":\"\",\"publisher\":{\"@id\":\"https:\/\/www.itinerarte.eu\/en\/#organization\"},\"potentialAction\":[{\"@type\":\"SearchAction\",\"target\":{\"@type\":\"EntryPoint\",\"urlTemplate\":\"https:\/\/www.itinerarte.eu\/en\/?s={search_term_string}\"},\"query-input\":{\"@type\":\"PropertyValueSpecification\",\"valueRequired\":true,\"valueName\":\"search_term_string\"}}],\"inLanguage\":\"en-GB\"},{\"@type\":\"Organization\",\"@id\":\"https:\/\/www.itinerarte.eu\/en\/#organization\",\"name\":\"ItinerartE di Lucia Mulo\",\"url\":\"https:\/\/www.itinerarte.eu\/en\/\",\"logo\":{\"@type\":\"ImageObject\",\"inLanguage\":\"en-GB\",\"@id\":\"https:\/\/www.itinerarte.eu\/en\/#\/schema\/logo\/image\/\",\"url\":\"https:\/\/www.itinerarte.eu\/wp-content\/uploads\/2020\/07\/Risorsa-2iti1.png\",\"contentUrl\":\"https:\/\/www.itinerarte.eu\/wp-content\/uploads\/2020\/07\/Risorsa-2iti1.png\",\"width\":351,\"height\":142,\"caption\":\"ItinerartE di Lucia Mulo\"},\"image\":{\"@id\":\"https:\/\/www.itinerarte.eu\/en\/#\/schema\/logo\/image\/\"},\"sameAs\":[\"https:\/\/www.facebook.com\/ItinerartElm\/\",\"https:\/\/www.instagram.com\/itinerarte_lm\/\"]}]}<\/script>\n<!-- \/ Yoast SEO plugin. -->","yoast_head_json":{"title":"Privacy & Cookie Policy - Itinerarte","robots":{"index":"index","follow":"follow","max-snippet":"max-snippet:-1","max-image-preview":"max-image-preview:large","max-video-preview":"max-video-preview:-1"},"canonical":"https:\/\/www.itinerarte.eu\/en\/privacy-policy\/","og_locale":"en_GB","og_type":"article","og_title":"Privacy & Cookie Policy - Itinerarte","og_description":"Privacy &amp; Cookie Policy di\u00a0ItinerartE Questo Sito Web raccoglie alcuni Dati Personali dei propri Utenti. Questo documento pu\u00f2 essere stampato utilizzando il comando di stampa presente nelle impostazioni di qualsiasi browser. Titolare del Trattamento dei Dati ItinerartE di Lucia Mulo \u2013 Via Giovanni Rocco, 80026 Casoria (NA) Indirizzo email del Titolare:\u00a0 info@itinerarte.eu Tipologie di Dati [&hellip;]","og_url":"https:\/\/www.itinerarte.eu\/en\/privacy-policy\/","og_site_name":"Itinerarte","article_publisher":"https:\/\/www.facebook.com\/ItinerartElm\/","article_modified_time":"2020-07-16T09:50:03+00:00","twitter_card":"summary_large_image","twitter_misc":{"Estimated reading time":"28 minutes"},"schema":{"@context":"https:\/\/schema.org","@graph":[{"@type":"WebPage","@id":"https:\/\/www.itinerarte.eu\/privacy-policy\/","url":"https:\/\/www.itinerarte.eu\/privacy-policy\/","name":"Privacy & Cookie Policy - Itinerarte","isPartOf":{"@id":"https:\/\/www.itinerarte.eu\/en\/#website"},"datePublished":"2020-07-07T15:32:57+00:00","dateModified":"2020-07-16T09:50:03+00:00","breadcrumb":{"@id":"https:\/\/www.itinerarte.eu\/privacy-policy\/#breadcrumb"},"inLanguage":"en-GB","potentialAction":[{"@type":"ReadAction","target":["https:\/\/www.itinerarte.eu\/privacy-policy\/"]}]},{"@type":"BreadcrumbList","@id":"https:\/\/www.itinerarte.eu\/privacy-policy\/#breadcrumb","itemListElement":[{"@type":"ListItem","position":1,"name":"Home","item":"https:\/\/www.itinerarte.eu\/en\/"},{"@type":"ListItem","position":2,"name":"Privacy &#038; Cookie Policy"}]},{"@type":"WebSite","@id":"https:\/\/www.itinerarte.eu\/en\/#website","url":"https:\/\/www.itinerarte.eu\/en\/","name":"Itinerarte","description":"","publisher":{"@id":"https:\/\/www.itinerarte.eu\/en\/#organization"},"potentialAction":[{"@type":"SearchAction","target":{"@type":"EntryPoint","urlTemplate":"https:\/\/www.itinerarte.eu\/en\/?s={search_term_string}"},"query-input":{"@type":"PropertyValueSpecification","valueRequired":true,"valueName":"search_term_string"}}],"inLanguage":"en-GB"},{"@type":"Organization","@id":"https:\/\/www.itinerarte.eu\/en\/#organization","name":"ItinerartE di Lucia Mulo","url":"https:\/\/www.itinerarte.eu\/en\/","logo":{"@type":"ImageObject","inLanguage":"en-GB","@id":"https:\/\/www.itinerarte.eu\/en\/#\/schema\/logo\/image\/","url":"https:\/\/www.itinerarte.eu\/wp-content\/uploads\/2020\/07\/Risorsa-2iti1.png","contentUrl":"https:\/\/www.itinerarte.eu\/wp-content\/uploads\/2020\/07\/Risorsa-2iti1.png","width":351,"height":142,"caption":"ItinerartE di Lucia Mulo"},"image":{"@id":"https:\/\/www.itinerarte.eu\/en\/#\/schema\/logo\/image\/"},"sameAs":["https:\/\/www.facebook.com\/ItinerartElm\/","https:\/\/www.instagram.com\/itinerarte_lm\/"]}]}},"_links":{"self":[{"href":"https:\/\/www.itinerarte.eu\/en\/wp-json\/wp\/v2\/pages\/3","targetHints":{"allow":["GET"]}}],"collection":[{"href":"https:\/\/www.itinerarte.eu\/en\/wp-json\/wp\/v2\/pages"}],"about":[{"href":"https:\/\/www.itinerarte.eu\/en\/wp-json\/wp\/v2\/types\/page"}],"author":[{"embeddable":true,"href":"https:\/\/www.itinerarte.eu\/en\/wp-json\/wp\/v2\/users\/1"}],"replies":[{"embeddable":true,"href":"https:\/\/www.itinerarte.eu\/en\/wp-json\/wp\/v2\/comments?post=3"}],"version-history":[{"count":1,"href":"https:\/\/www.itinerarte.eu\/en\/wp-json\/wp\/v2\/pages\/3\/revisions"}],"predecessor-version":[{"id":869,"href":"https:\/\/www.itinerarte.eu\/en\/wp-json\/wp\/v2\/pages\/3\/revisions\/869"}],"wp:attachment":[{"href":"https:\/\/www.itinerarte.eu\/en\/wp-json\/wp\/v2\/media?parent=3"}],"curies":[{"name":"wp","href":"https:\/\/api.w.org\/{rel}","templated":true}]}}